{"id":262344,"date":"2021-04-29T15:58:07","date_gmt":"2021-04-29T13:58:07","guid":{"rendered":"https:\/\/www.aventure-chlorophylle.com\/?page_id=262344"},"modified":"2025-09-30T11:10:26","modified_gmt":"2025-09-30T09:10:26","slug":"les-bons-plans-ossalois","status":"publish","type":"page","link":"https:\/\/www.aventure-chlorophylle.com\/es\/barranquismo-rafting-pirineos-atlantiques\/les-bons-plans-ossalois\/","title":{"rendered":"Qu\u00e9 hacer en la zona"},"content":{"rendered":"<p>[et_pb_section fb_built=\u00a0\u00bb1&Prime; fullwidth=\u00a0\u00bbon\u00a0\u00bb admin_label=\u00a0\u00bbSlider produit\u00a0\u00bb _builder_version=\u00a0\u00bb4.16&Prime; _module_preset=\u00a0\u00bbdefault\u00a0\u00bb custom_margin=\u00a0\u00bb||-140px||false|false\u00a0\u00bb custom_margin_tablet=\u00a0\u00bb||-88px||false|false\u00a0\u00bb custom_margin_phone=\u00a0\u00bb||-44px||false|false\u00a0\u00bb custom_margin_last_edited=\u00a0\u00bbon|desktop\u00a0\u00bb locked=\u00a0\u00bboff\u00a0\u00bb collapsed=\u00a0\u00bbon\u00a0\u00bb global_colors_info=\u00a0\u00bb{}\u00a0\u00bb][et_pb_fullwidth_slider show_pagination=\u00a0\u00bboff\u00a0\u00bb use_bg_overlay=\u00a0\u00bbon\u00a0\u00bb bg_overlay_color=\u00a0\u00bbrgba(73,59,34,0.1)\u00a0\u00bb use_text_overlay=\u00a0\u00bboff\u00a0\u00bb arrows_custom_color=\u00a0\u00bb#5CAA80&Prime; _builder_version=\u00a0\u00bb4.27.4&Prime; _module_preset=\u00a0\u00bbdefault\u00a0\u00bb background_color=\u00a0\u00bb#F6F2EC\u00a0\u00bb use_background_color_gradient=\u00a0\u00bbon\u00a0\u00bb background_color_gradient_stops=\u00a0\u00bbrgba(34,34,34,0) 40%|rgba(34,34,34,0.05) 100%\u00a0\u00bb background_color_gradient_overlays_image=\u00a0\u00bbon\u00a0\u00bb background_color_gradient_start=\u00a0\u00bbrgba(34,34,34,0)\u00a0\u00bb background_color_gradient_start_position=\u00a0\u00bb40%\u00a0\u00bb background_color_gradient_end=\u00a0\u00bbrgba(34,34,34,0.05)\u00a0\u00bb min_height_tablet=\u00a0\u00bb\u00a0\u00bb min_height_phone=\u00a0\u00bb\u00a0\u00bb min_height_last_edited=\u00a0\u00bbon|desktop\u00a0\u00bb height=\u00a0\u00bb400px\u00a0\u00bb height_tablet=\u00a0\u00bb220px\u00a0\u00bb height_phone=\u00a0\u00bb140px\u00a0\u00bb height_last_edited=\u00a0\u00bbon|desktop\u00a0\u00bb global_colors_info=\u00a0\u00bb{}\u00a0\u00bb][et_pb_slide use_bg_overlay=\u00a0\u00bboff\u00a0\u00bb _builder_version=\u00a0\u00bb4.27.4&Prime; _module_preset=\u00a0\u00bbdefault\u00a0\u00bb body_text_align=\u00a0\u00bbcenter\u00a0\u00bb body_text_color=\u00a0\u00bb#FFFFFF\u00a0\u00bb background_color=\u00a0\u00bb#F6F2EC\u00a0\u00bb background_enable_color=\u00a0\u00bbon\u00a0\u00bb background_image=\u00a0\u00bbhttps:\/\/www.aventure-chlorophylle.com\/wp-content\/uploads\/2025\/09\/Benou.jpg\u00a0\u00bb background_enable_image=\u00a0\u00bbon\u00a0\u00bb global_colors_info=\u00a0\u00bb{}\u00a0\u00bb sticky_transition=\u00a0\u00bbon\u00a0\u00bb][\/et_pb_slide][\/et_pb_fullwidth_slider][\/et_pb_section][et_pb_section fb_built=\u00a0\u00bb1&Prime; admin_label=\u00a0\u00bbmontagne en fond\u00a0\u00bb _builder_version=\u00a0\u00bb4.27.4&Prime; _module_preset=\u00a0\u00bbdefault\u00a0\u00bb background_color=\u00a0\u00bbRGBA(0,0,0,0)\u00a0\u00bb background_image=\u00a0\u00bbhttps:\/\/www.aventure-chlorophylle.com\/wp-content\/uploads\/2021\/04\/msk-mountain.svg\u00a0\u00bb background_enable_image=\u00a0\u00bboff\u00a0\u00bb z_index=\u00a0\u00bb10&Prime; height=\u00a0\u00bb144px\u00a0\u00bb height_tablet=\u00a0\u00bb88px\u00a0\u00bb height_phone=\u00a0\u00bb44px\u00a0\u00bb height_last_edited=\u00a0\u00bbon|phone\u00a0\u00bb custom_padding=\u00a0\u00bb0px||0px||true|false\u00a0\u00bb global_module=\u00a0\u00bb261939&Prime; collapsed=\u00a0\u00bboff\u00a0\u00bb global_colors_info=\u00a0\u00bb{}\u00a0\u00bb][\/et_pb_section][et_pb_section fb_built=\u00a0\u00bb1&Prime; _builder_version=\u00a0\u00bb4.16&Prime; _module_preset=\u00a0\u00bbdefault\u00a0\u00bb background_color=\u00a0\u00bb#FFFFFF\u00a0\u00bb custom_padding=\u00a0\u00bb0px||0px|||\u00a0\u00bb global_colors_info=\u00a0\u00bb{}\u00a0\u00bb][et_pb_row admin_label=\u00a0\u00bbFil d&rsquo;arianne\u00a0\u00bb _builder_version=\u00a0\u00bb4.9.4&Prime; _module_preset=\u00a0\u00bbdefault\u00a0\u00bb custom_padding=\u00a0\u00bb0px||0px||true|false\u00a0\u00bb global_module=\u00a0\u00bb261844&Prime; saved_tabs=\u00a0\u00bball\u00a0\u00bb locked=\u00a0\u00bboff\u00a0\u00bb collapsed=\u00a0\u00bboff\u00a0\u00bb global_colors_info=\u00a0\u00bb{}\u00a0\u00bb][et_pb_column type=\u00a0\u00bb4_4&Prime; _builder_version=\u00a0\u00bb4.16&Prime; _module_preset=\u00a0\u00bbdefault\u00a0\u00bb global_colors_info=\u00a0\u00bb{}\u00a0\u00bb][et_pb_code _builder_version=\u00a0\u00bb4.18.0&Prime; _module_preset=\u00a0\u00bbdefault\u00a0\u00bb global_colors_info=\u00a0\u00bb{}\u00a0\u00bb]<span><span><a href=\"https:\/\/www.aventure-chlorophylle.com\/es\/\">Inicio<\/a><\/span><\/span>[\/et_pb_code][\/et_pb_column][\/et_pb_row][et_pb_row _builder_version=\u00a0\u00bb4.27.4&Prime; _module_preset=\u00a0\u00bbdefault\u00a0\u00bb custom_padding=\u00a0\u00bb||0px|||\u00a0\u00bb global_colors_info=\u00a0\u00bb{}\u00a0\u00bb][et_pb_column type=\u00a0\u00bb4_4&Prime; _builder_version=\u00a0\u00bb4.16&Prime; _module_preset=\u00a0\u00bbdefault\u00a0\u00bb global_colors_info=\u00a0\u00bb{}\u00a0\u00bb][et_pb_text _builder_version=\u00a0\u00bb4.27.4&Prime; _module_preset=\u00a0\u00bbdefault\u00a0\u00bb animation_direction=\u00a0\u00bbbottom\u00a0\u00bb global_colors_info=\u00a0\u00bb{}\u00a0\u00bb]<\/p>\n<h1 style=\"text-align: center;\">Los buenos planes de Ossalois<\/h1>\n<p>[\/et_pb_text][\/et_pb_column][\/et_pb_row][et_pb_row column_structure=\u00a0\u00bb1_2,1_2&Prime; _builder_version=\u00a0\u00bb4.27.4&Prime; _module_preset=\u00a0\u00bbdefault\u00a0\u00bb global_colors_info=\u00a0\u00bb{}\u00a0\u00bb][et_pb_column type=\u00a0\u00bb1_2&Prime; _builder_version=\u00a0\u00bb4.27.4&Prime; _module_preset=\u00a0\u00bbdefault\u00a0\u00bb global_colors_info=\u00a0\u00bb{}\u00a0\u00bb][et_pb_text _builder_version=\u00a0\u00bb4.27.4&Prime; _module_preset=\u00a0\u00bbdefault\u00a0\u00bb global_colors_info=\u00a0\u00bb{}\u00a0\u00bb]<\/p>\n<h2>\u00a0<\/h2>\n<h2 style=\"text-align: center;\">No dude en visitar los sitios web de las oficinas de turismo del valle de Ossau<\/h2>\n<p>&nbsp;<\/p>\n<p>[\/et_pb_text][\/et_pb_column][et_pb_column type=\u00a0\u00bb1_2&Prime; _builder_version=\u00a0\u00bb4.27.4&Prime; _module_preset=\u00a0\u00bbdefault\u00a0\u00bb global_colors_info=\u00a0\u00bb{}\u00a0\u00bb][et_pb_text _builder_version=\u00a0\u00bb4.27.4&Prime; _module_preset=\u00a0\u00bb0e379c64-ea23-42c6-87bf-cda43f70971b\u00a0\u00bb text_font_size=\u00a0\u00bb16px\u00a0\u00bb text_line_height=\u00a0\u00bb1.7em\u00a0\u00bb text_orientation=\u00a0\u00bbleft\u00a0\u00bb max_width=\u00a0\u00bbnone\u00a0\u00bb animation_style=\u00a0\u00bbnone\u00a0\u00bb global_colors_info=\u00a0\u00bb{}\u00a0\u00bb]<\/p>\n<p>&nbsp;<\/p>\n<ul>\n<li><a href=\"https:\/\/www.valleedossau-tourisme.com\/\" target=\"_blank\" rel=\"noopener\">Oficina de Turismo del Valle de los Pirineos de Ossau<\/a><br \/>Casa del Valle de Ossau<br \/>64440 LARUNS<br \/>+33 5 59 05 31 41<\/li>\n<li>Oficina de Turismo de Arudy<br \/>+33 5 59 05 77 11<\/li>\n<li>Oficina de Turismo de Artouste<br \/>+33 5 59 05 34 00<\/li>\n<li>Oficina de Turismo de Eaux-Bonnes<br \/>+33 5 59 05 33 08<\/li>\n<li>Oficina de Turismo de Gourette<br \/>+33 5 59 05 12 17<\/li>\n<\/ul>\n<p>[\/et_pb_text][\/et_pb_column][\/et_pb_row][\/et_pb_section][et_pb_section fb_built=\u00a0\u00bb1&Prime; admin_label=\u00a0\u00bbD\u00e9chirement bas\u00a0\u00bb _builder_version=\u00a0\u00bb4.16&Prime; _module_preset=\u00a0\u00bbdefault\u00a0\u00bb background_color=\u00a0\u00bbRGBA(0,0,0,0)\u00a0\u00bb background_image=\u00a0\u00bbhttps:\/\/www.aventure-chlorophylle.com\/wp-content\/uploads\/2021\/04\/msk-horizontal-top.svg\u00a0\u00bb background_repeat=\u00a0\u00bbrepeat-x\u00a0\u00bb height=\u00a0\u00bb30px\u00a0\u00bb height_tablet=\u00a0\u00bb30px\u00a0\u00bb height_phone=\u00a0\u00bb30px\u00a0\u00bb height_last_edited=\u00a0\u00bbon|desktop\u00a0\u00bb custom_padding=\u00a0\u00bb0px||0px||true|false\u00a0\u00bb custom_css_main_element=\u00a0\u00bbbackground-size:auto 100%!important;\u00a0\u00bb saved_tabs=\u00a0\u00bball\u00a0\u00bb collapsed=\u00a0\u00bbon\u00a0\u00bb global_colors_info=\u00a0\u00bb{}\u00a0\u00bb][\/et_pb_section][et_pb_section fb_built=\u00a0\u00bb1&Prime; _builder_version=\u00a0\u00bb4.16&Prime; _module_preset=\u00a0\u00bbdefault\u00a0\u00bb background_color=\u00a0\u00bbRGBA(0,0,0,0)\u00a0\u00bb background_image=\u00a0\u00bbhttps:\/\/www.aventure-chlorophylle.com\/wp-content\/uploads\/2021\/06\/bg-splash-texture2-1.jpg\u00a0\u00bb background_size=\u00a0\u00bbcontain\u00a0\u00bb custom_padding=\u00a0\u00bb0px||0px|||\u00a0\u00bb global_colors_info=\u00a0\u00bb{}\u00a0\u00bb][et_pb_row _builder_version=\u00a0\u00bb4.16&Prime; _module_preset=\u00a0\u00bbdefault\u00a0\u00bb custom_padding=\u00a0\u00bb||0px|||\u00a0\u00bb global_colors_info=\u00a0\u00bb{}\u00a0\u00bb][et_pb_column type=\u00a0\u00bb4_4&Prime; _builder_version=\u00a0\u00bb4.16&Prime; _module_preset=\u00a0\u00bbdefault\u00a0\u00bb global_colors_info=\u00a0\u00bb{}\u00a0\u00bb][et_pb_text _builder_version=\u00a0\u00bb4.27.4&Prime; _module_preset=\u00a0\u00bbdefault\u00a0\u00bb animation_direction=\u00a0\u00bbbottom\u00a0\u00bb global_colors_info=\u00a0\u00bb{}\u00a0\u00bb]<\/p>\n<h2 style=\"text-align: center;\">Los imprescindibles del Valle de Ossau<\/h2>\n<p>[\/et_pb_text][\/et_pb_column][\/et_pb_row][et_pb_row column_structure=\u00a0\u00bb1_4,1_4,1_4,1_4&Prime; _builder_version=\u00a0\u00bb4.23.1&Prime; _module_preset=\u00a0\u00bbdefault\u00a0\u00bb global_colors_info=\u00a0\u00bb{}\u00a0\u00bb][et_pb_column type=\u00a0\u00bb1_4&Prime; _builder_version=\u00a0\u00bb4.16&Prime; _module_preset=\u00a0\u00bbdefault\u00a0\u00bb global_colors_info=\u00a0\u00bb{}\u00a0\u00bb][et_pb_text _builder_version=\u00a0\u00bb4.27.4&Prime; _module_preset=\u00a0\u00bbdefault\u00a0\u00bb animation_direction=\u00a0\u00bbbottom\u00a0\u00bb global_colors_info=\u00a0\u00bb{}\u00a0\u00bb]<\/p>\n<h3>Restaurant\/Bar\/Guinguette<\/h3>\n<p>[\/et_pb_text][et_pb_text _builder_version=\u00a0\u00bb4.27.4&Prime; _module_preset=\u00a0\u00bbdefault\u00a0\u00bb animation_direction=\u00a0\u00bbbottom\u00a0\u00bb hover_enabled=\u00a0\u00bb0&Prime; global_colors_info=\u00a0\u00bb{}\u00a0\u00bb sticky_enabled=\u00a0\u00bb0&Prime;]<\/p>\n<ul>\n<li><a href=\"https:\/\/www.instagram.com\/les.copains.dabord64\/\" target=\"_blank\" rel=\"noopener\">Les copains d&rsquo;abord<\/a> \u00e0 Louvie Juzon: Bonne humeur, sourire, produits frais et faits maison, bref c&rsquo;est nos copains!<\/li>\n<li>Les copines d&rsquo;abord \u00e0 Arudy: coffee shop avec douceurs et c&rsquo;est nos copines !!<\/li>\n<li><a href=\"https:\/\/val-eveille.fr\/\" target=\"_blank\" rel=\"noopener\">Le val \u00e9veill\u00e9<\/a> en Arudy<\/li>\n<li><a href=\"https:\/\/au-petit-bonheur-arudy.eatbu.com\/?lang=fr\" target=\"_blank\" rel=\"noopener\">Au petit bonheur<\/a> en Arudy<\/li>\n<li><a href=\"https:\/\/www.hotel-la-caverne.com\/fr\" target=\"_blank\" rel=\"noopener\">La caverne<\/a> \u00e0 Eaux-Chaudes<\/li>\n<li><a title=\"Los ba\u00f1os de rescate\" href=\"http:\/\/www.bien-etre-ossau64.com\/\" target=\"_blank\" rel=\"noopener noreferrer\">Los ba\u00f1os de rescate<\/a> \u00a1Una muy buena direcci\u00f3n en el valle de Ossau!<\/li>\n<li><a href=\"https:\/\/www.letabledossau.com\/\" target=\"_blank\" rel=\"noopener\">El establo de Ossau<\/a> Nuestro favorito del valle.<\/li>\n<li><a href=\"https:\/\/www.facebook.com\/auberge.cheztrey\" target=\"_blank\" rel=\"noopener\">Trey's<\/a> Conciertos, veladas de tapas, \u00a1siempre hay buen ambiente en esta peque\u00f1a posada de B\u00e9ost!<\/li>\n<li><a href=\"https:\/\/www.hotel-ayguelade.com\/restaurant-hotel-restaurant-bielle-vallee-d-ossau\" target=\"_blank\" rel=\"noopener\">L&rsquo;Ayguelade<\/a> \u00e0 Bielle<\/li>\n<li><a href=\"https:\/\/www.maisonlavillete.com\/\" target=\"_blank\" rel=\"noopener\">Maison La Villete<\/a> \u00e0 Bielle<\/li>\n<li><a href=\"http:\/\/www.beta-bloc.com\/\" target=\"_blank\" rel=\"noopener\">Bloqueo beta<\/a> \u00a1Un gran restaurante en Pau y encima es LA sala de boulder de la zona!<\/li>\n<\/ul>\n<p>[\/et_pb_text][\/et_pb_column][et_pb_column type=\u00a0\u00bb1_4&Prime; _builder_version=\u00a0\u00bb4.23.1&Prime; _module_preset=\u00a0\u00bbdefault\u00a0\u00bb global_colors_info=\u00a0\u00bb{}\u00a0\u00bb][et_pb_text _builder_version=\u00a0\u00bb4.16&Prime; _module_preset=\u00a0\u00bbdefault\u00a0\u00bb animation_direction=\u00a0\u00bbbottom\u00a0\u00bb global_colors_info=\u00a0\u00bb{}\u00a0\u00bb]<\/p>\n<h3>Senderismo<\/h3>\n<p>[\/et_pb_text][et_pb_text _builder_version=\u00a0\u00bb4.27.4&Prime; _module_preset=\u00a0\u00bbdefault\u00a0\u00bb animation_direction=\u00a0\u00bbbottom\u00a0\u00bb global_colors_info=\u00a0\u00bb{}\u00a0\u00bb]<\/p>\n<ul>\n<li><a href=\"https:\/\/www.pyrenees-ossau-loisirs.com\/\" target=\"_blank\" rel=\"noopener noreferrer\">Oficina de monta\u00f1a<\/a>\u00a0nuestros hom\u00f3logos para actividades de senderismo y descubrimiento de la monta\u00f1a, un grupo de gu\u00edas de monta\u00f1a<\/li>\n<li><a href=\"http:\/\/anesenrando.com\/\" target=\"_blank\" rel=\"noopener noreferrer\">Asociaci\u00f3n Petits Pas<\/a>\u00a0senderismo con un burro de carga<\/li>\n<li><a href=\"https:\/\/www.caminam.fr\/\" target=\"_blank\" rel=\"noopener\">Caminam<\/a>:\u00a0 Rando, contes, activit\u00e9s insolites \u00e9t\u00e9 comme hiver<\/li>\n<\/ul>\n<p>[\/et_pb_text][\/et_pb_column][et_pb_column type=\u00a0\u00bb1_4&Prime; _builder_version=\u00a0\u00bb4.16.0&Prime; _module_preset=\u00a0\u00bbdefault\u00a0\u00bb global_colors_info=\u00a0\u00bb{}\u00a0\u00bb][et_pb_text _builder_version=\u00a0\u00bb4.16&Prime; _module_preset=\u00a0\u00bbdefault\u00a0\u00bb animation_direction=\u00a0\u00bbbottom\u00a0\u00bb global_colors_info=\u00a0\u00bb{}\u00a0\u00bb]<\/p>\n<h3>Equitaci\u00f3n<\/h3>\n<p>[\/et_pb_text][et_pb_text _builder_version=\"4.16\u2033 _module_preset=\"default \" animation_direction=\"bottom \" global_colors_info=\"{} \"]<\/p>\n<ul>\n<li><a href=\"http:\/\/www.lacabaline.ffe.com\/\" target=\"_blank\" rel=\"noopener noreferrer\">Los caballos del lago en Bious Artigues<\/a><\/li>\n<li><a href=\"http:\/\/www.randonnees-cheval-pyrenees.com\/\" target=\"_blank\" rel=\"noopener noreferrer\">Los caballos de Benou<\/a><\/li>\n<\/ul>\n<p>[\/et_pb_text][et_pb_text _builder_version=\u00a0\u00bb4.23.1&Prime; _module_preset=\u00a0\u00bbdefault\u00a0\u00bb animation_direction=\u00a0\u00bbbottom\u00a0\u00bb global_colors_info=\u00a0\u00bb{}\u00a0\u00bb]<\/p>\n<h3>Alpinismo \/ Esqu\u00ed de traves\u00eda \/ Escalada en hielo \/ Grandes v\u00edas de escalada<\/h3>\n<p>[\/et_pb_text][et_pb_text _builder_version=\u00a0\u00bb4.23.1&Prime; _module_preset=\u00a0\u00bbdefault\u00a0\u00bb animation_direction=\u00a0\u00bbbottom\u00a0\u00bb global_colors_info=\u00a0\u00bb{}\u00a0\u00bb]<\/p>\n<ul>\n<li>Thomas Berg\u00e9s, Guide Haute Montagne<\/li>\n<li><a title=\"R\u00e9mi Thivel, Gu\u00eda de Alta Monta\u00f1a\" href=\"http:\/\/www.remi-thivel.com\/\" target=\"_blank\" rel=\"noopener noreferrer\">R\u00e9mi Thivel, Gu\u00eda de Alta Monta\u00f1a<\/a><\/li>\n<li>Antoine Vernay, Guide Haute Montagne<\/li>\n<\/ul>\n<p>[\/et_pb_text][\/et_pb_column][et_pb_column type=\u00a0\u00bb1_4&Prime; _builder_version=\u00a0\u00bb4.23.1&Prime; _module_preset=\u00a0\u00bbdefault\u00a0\u00bb global_colors_info=\u00a0\u00bb{}\u00a0\u00bb][et_pb_text _builder_version=\u00a0\u00bb4.23.1&Prime; _module_preset=\u00a0\u00bbdefault\u00a0\u00bb animation_direction=\u00a0\u00bbbottom\u00a0\u00bb global_colors_info=\u00a0\u00bb{}\u00a0\u00bb]<\/p>\n<h3>En los \u00e1rboles<\/h3>\n<p>[\/et_pb_text][et_pb_text _builder_version=\u00a0\u00bb4.27.4&Prime; _module_preset=\u00a0\u00bbdefault\u00a0\u00bb animation_direction=\u00a0\u00bbbottom\u00a0\u00bb hover_enabled=\u00a0\u00bb0&Prime; global_colors_info=\u00a0\u00bb{}\u00a0\u00bb sticky_enabled=\u00a0\u00bb0&Prime;]<\/p>\n<ul>\n<li><a href=\"https:\/\/larunsaventures.com\/\" target=\"_blank\" rel=\"noopener\">Les Tyroliennes du Hourat<\/a> \u00e0 Laruns avec Laruns Aventure.<\/li>\n<li><a href=\"http:\/\/laforetsuspendue.fr\/\" target=\"_blank\" rel=\"noopener noreferrer\">El bosque colgante<\/a>\u00a0Parque de Accrobranche en Eaux-Bonnes<\/li>\n<li><a href=\"http:\/\/www.aventure-parc.fr\/bosdarros\" target=\"_blank\" rel=\"noopener noreferrer\">Bosdarros Aventure<\/a> : parc accrobranche \u00e0 Bosdarros<\/li>\n<\/ul>\n<p>[\/et_pb_text][et_pb_text _builder_version=\u00a0\u00bb4.23.1&Prime; _module_preset=\u00a0\u00bbdefault\u00a0\u00bb animation_direction=\u00a0\u00bbbottom\u00a0\u00bb global_colors_info=\u00a0\u00bb{}\u00a0\u00bb]<\/p>\n<h3>Bienestar<\/h3>\n<p>[\/et_pb_text][et_pb_text _builder_version=\u00a0\u00bb4.23.1&Prime; _module_preset=\u00a0\u00bbdefault\u00a0\u00bb animation_direction=\u00a0\u00bbbottom\u00a0\u00bb global_colors_info=\u00a0\u00bb{}\u00a0\u00bb]<\/p>\n<ul>\n<li><a title=\"Los ba\u00f1os de rescate\" href=\"http:\/\/www.bien-etre-ossau64.com\/\" target=\"_blank\" rel=\"noopener noreferrer\">Los ba\u00f1os de rescate<\/a>\u00a0Ba\u00f1os, Hamman y tratamientos de relajaci\u00f3n en S\u00e9vignacq-M\u00e9racq<\/li>\n<li><a title=\"Instituto de Balnearios de Monta\u00f1a\" href=\"http:\/\/www.institut-spa-montagne.com\/index.php\" target=\"_blank\" rel=\"noopener noreferrer\">Instituto de Balnearios de Monta\u00f1a<\/a>\u00a0en Laruns<\/li>\n<\/ul>\n<p>[\/et_pb_text][\/et_pb_column][\/et_pb_row][et_pb_row _builder_version=\"4.16.0\u2033 _module_preset=\"default \" global_colors_info=\"{} \"][et_pb_column type=\"4_4\u2033 _builder_version=\"4.16.0\u2033 _module_preset=\"default \" global_colors_info=\"{} \"][et_pb_text _builder_version=\"4.16.0\u2033 _module_preset=\"default \" animation_direction=\"bottom \" global_colors_info=\"{} \"]<\/p>\n<h2>Buenos planes en la Sierra de Guara<\/h2>\n<p>[\/et_pb_text][\/et_pb_column][\/et_pb_row][et_pb_row column_structure=\"1_4,1_4,1_4,1_4\u2033 _builder_version=\"4.16\u2033 _module_preset=\"default \" global_colors_info=\"{} \"][et_pb_column type=\"1_4\u2033 _builder_version=\"4.16\u2033 _module_preset=\"default \" global_colors_info=\"{} \"][et_pb_text _builder_version=\"4.16.0\u2033 _module_preset=\"default \" animation_direction=\"bottom \" global_colors_info=\"{} \"]<\/p>\n<h3>Barranquismo<\/h3>\n<p>[\/et_pb_text][et_pb_text _builder_version=\"4.16.0\u2033 _module_preset=\"default \" animation_direction=\"bottom \" global_colors_info=\"{} \"]<\/p>\n<ul>\n<li><a href=\"https:\/\/www.lesensdeleau.fr\/\" target=\"_blank\" rel=\"noopener\">El significado del agua<\/a> : Gu\u00edas apasionados, en el lugar desde 2009 en Sierra de Guara. Adem\u00e1s, son amigos...<\/li>\n<li><a href=\"https:\/\/www.aguarika.com\/\">Aguarika<\/a> Mathieu vive en la Sierra de Guara desde 2015, \u00a1estar\u00e1 encantado de acompa\u00f1arte por todos los ca\u00f1ones de la zona!<\/li>\n<\/ul>\n<p>[\/et_pb_text][\/et_pb_column][et_pb_column type=\"1_4\u2033 _builder_version=\"4.16.0\u2033 _module_preset=\"default \" global_colors_info=\"{} \"][\/et_pb_column][et_pb_column type=\"1_4\u2033 _builder_version=\"4.16\u2033 _module_preset=\"default \" global_colors_info=\"{} \"][et_pb_text _builder_version=\"4.16.0\u2033 _module_preset=\"default \" animation_direction=\"bottom \" global_colors_info=\"{} \"]<\/p>\n<h3>Vivienda<\/h3>\n<p>[\/et_pb_text][et_pb_text _builder_version=\"4.16.0\u2033 _module_preset=\"default \" animation_direction=\"bottom \" global_colors_info=\"{} \"]<\/p>\n<ul>\n<li><a href=\"http:\/\/www.campingelpuente.com\/fr\/\" target=\"_blank\" rel=\"noopener\">Camping El Puente<\/a> Un camping paradis\u00edaco a orillas del agua<\/li>\n<li><a href=\"https:\/\/casaatuel.com\/\" target=\"_blank\" rel=\"noopener\">Albergue Casa Atuel<\/a> :<\/li>\n<li><a href=\"https:\/\/www.hosteriadeguara.com\/fr\/accueil\/\" target=\"_blank\" rel=\"noopener\">Hotel Hoster\u00eda de Guara<\/a> :<\/li>\n<\/ul>\n<p>[\/et_pb_text][\/et_pb_column][et_pb_column type=\"1_4\u2033 _builder_version=\"4.16\u2033 _module_preset=\"default \" global_colors_info=\"{} \"][\/et_pb_column][\/et_pb_row][et_pb_row _builder_version=\"4.16\u2033 _module_preset=\"default\" global_colors_info=\"{} \"][et_pb_column type=\"4_4\u2033 _builder_version=\"4.16\u2033 _module_preset=\"default \" global_colors_info=\"{} \"][et_pb_text _builder_version=\"4.16\u2033 _module_preset=\"0e379c64-ea23-42c6-87bf-cda43f70971b \" custom_margin=\"||1px||\" global_colors_info=\"{} \"]<\/p>\n<p>\u00bfQuiere organizar su estancia y busca alojamiento?<br \/>Consulte nuestra lista de alojamientos.<\/p>\n<p>[\/et_pb_text][dnxte_button button_text=\"Ver alojamientos\" button_link=\"@ET-DC@eyJkeW5hbWljIjp0cnVlLCJjb250ZW50IjoicG9zdF9saW5rX3VybF9wYWdlIiwic2V0dGluZ3MiOnsicG9zdF9pZCI6IjI2MTY4NiJ9fQ==@ \" dnxt_button_alignment=\"center\" _builder_version=\"4.16\u2033 _dynamic_attributes=\"button_link\" _module_preset=\"default\" global_colors_info=\"{}\"][\/dnxte_button][\/et_pb_column][\/et_pb_row][\/et_pb_section]<\/p>","protected":false},"excerpt":{"rendered":"<p><span><span><a href=\"https:\/\/www.aventure-chlorophylle.com\/es\/\">Inicio<\/a><\/span><\/span>Los buenos planes de OssaloisNo dude en visitar los sitios de las oficinas de turismo del valle de Ossau Oficina de Turismo Valle de Ossau PirineosMaison de la Vall\u00e9e d'Ossau64440 LARUNS+33 5 59 05 31 41 Oficina de Turismo de Arudy+33 5 59 05 77 11 Oficina de Turismo de Artouste+33 5 59 05 34 00 Oficina de [...]<\/p>","protected":false},"author":3,"featured_media":0,"parent":261671,"menu_order":0,"comment_status":"closed","ping_status":"closed","template":"","meta":{"_acf_changed":false,"_et_pb_use_builder":"on","_et_pb_old_content":"","_et_gb_content_width":"","inline_featured_image":false,"footnotes":""},"class_list":["post-262344","page","type-page","status-publish","hentry"],"acf":[],"yoast_head":"<!-- This site is optimized with the Yoast SEO plugin v26.7 - https:\/\/yoast.com\/wordpress\/plugins\/seo\/ -->\n<title>Les bons plans en Ossau - Aventure Chlorophylle<\/title>\n<meta name=\"description\" content=\"Voici une liste de nos bons plans en Vall\u00e9e d&#039;Ossau ! Vous trouverez ici des personnes de confiance avec qui nous travaillons quotidiennement !\" \/>\n<meta name=\"robots\" content=\"index, follow, max-snippet:-1, max-image-preview:large, max-video-preview:-1\" \/>\n<link rel=\"canonical\" href=\"https:\/\/www.aventure-chlorophylle.com\/es\/barranquismo-rafting-pirineos-atlantiques\/les-bons-plans-ossalois\/\" \/>\n<meta property=\"og:locale\" content=\"es_ES\" \/>\n<meta property=\"og:type\" content=\"article\" \/>\n<meta property=\"og:title\" content=\"Les bons plans en Ossau - Aventure Chlorophylle\" \/>\n<meta property=\"og:description\" content=\"Voici une liste de nos bons plans en Vall\u00e9e d&#039;Ossau ! Vous trouverez ici des personnes de confiance avec qui nous travaillons quotidiennement !\" \/>\n<meta property=\"og:url\" content=\"https:\/\/www.aventure-chlorophylle.com\/es\/barranquismo-rafting-pirineos-atlantiques\/les-bons-plans-ossalois\/\" \/>\n<meta property=\"og:site_name\" content=\"Aventure Chlorophylle\" \/>\n<meta property=\"article:publisher\" content=\"https:\/\/www.facebook.com\/aventurechlorophylle\" \/>\n<meta property=\"article:modified_time\" content=\"2025-09-30T09:10:26+00:00\" \/>\n<meta name=\"twitter:card\" content=\"summary_large_image\" \/>\n<meta name=\"twitter:label1\" content=\"Tiempo de lectura\" \/>\n\t<meta name=\"twitter:data1\" content=\"8 minutos\" \/>\n<script type=\"application\/ld+json\" class=\"yoast-schema-graph\">{\"@context\":\"https:\/\/schema.org\",\"@graph\":[{\"@type\":\"WebPage\",\"@id\":\"https:\/\/www.aventure-chlorophylle.com\/canyoning-rafting-pyrenees-atlantiques\/les-bons-plans-ossalois\/\",\"url\":\"https:\/\/www.aventure-chlorophylle.com\/canyoning-rafting-pyrenees-atlantiques\/les-bons-plans-ossalois\/\",\"name\":\"Les bons plans en Ossau - Aventure Chlorophylle\",\"isPartOf\":{\"@id\":\"https:\/\/www.aventure-chlorophylle.com\/#website\"},\"datePublished\":\"2021-04-29T13:58:07+00:00\",\"dateModified\":\"2025-09-30T09:10:26+00:00\",\"description\":\"Voici une liste de nos bons plans en Vall\u00e9e d'Ossau ! Vous trouverez ici des personnes de confiance avec qui nous travaillons quotidiennement !\",\"breadcrumb\":{\"@id\":\"https:\/\/www.aventure-chlorophylle.com\/canyoning-rafting-pyrenees-atlantiques\/les-bons-plans-ossalois\/#breadcrumb\"},\"inLanguage\":\"es\",\"potentialAction\":[{\"@type\":\"ReadAction\",\"target\":[\"https:\/\/www.aventure-chlorophylle.com\/canyoning-rafting-pyrenees-atlantiques\/les-bons-plans-ossalois\/\"]}]},{\"@type\":\"BreadcrumbList\",\"@id\":\"https:\/\/www.aventure-chlorophylle.com\/canyoning-rafting-pyrenees-atlantiques\/les-bons-plans-ossalois\/#breadcrumb\",\"itemListElement\":[{\"@type\":\"ListItem\",\"position\":1,\"name\":\"Accueil\",\"item\":\"https:\/\/www.aventure-chlorophylle.com\/\"},{\"@type\":\"ListItem\",\"position\":2,\"name\":\"Canyoning et Rafting dans les Pyr\u00e9n\u00e9es Atlantiques\",\"item\":\"https:\/\/www.aventure-chlorophylle.com\/\"},{\"@type\":\"ListItem\",\"position\":3,\"name\":\"A faire dans le coin\"}]},{\"@type\":\"WebSite\",\"@id\":\"https:\/\/www.aventure-chlorophylle.com\/#website\",\"url\":\"https:\/\/www.aventure-chlorophylle.com\/\",\"name\":\"Aventure Chlorophylle\",\"description\":\"Activit\u00e9s de Canyoning, rafting et sp\u00e9l\u00e9ologie dans les Pyr\u00e9n\u00e9es\",\"publisher\":{\"@id\":\"https:\/\/www.aventure-chlorophylle.com\/#organization\"},\"potentialAction\":[{\"@type\":\"SearchAction\",\"target\":{\"@type\":\"EntryPoint\",\"urlTemplate\":\"https:\/\/www.aventure-chlorophylle.com\/?s={search_term_string}\"},\"query-input\":{\"@type\":\"PropertyValueSpecification\",\"valueRequired\":true,\"valueName\":\"search_term_string\"}}],\"inLanguage\":\"es\"},{\"@type\":\"Organization\",\"@id\":\"https:\/\/www.aventure-chlorophylle.com\/#organization\",\"name\":\"Aventure Chlorophylle\",\"url\":\"https:\/\/www.aventure-chlorophylle.com\/\",\"logo\":{\"@type\":\"ImageObject\",\"inLanguage\":\"es\",\"@id\":\"https:\/\/www.aventure-chlorophylle.com\/#\/schema\/logo\/image\/\",\"url\":\"https:\/\/www.aventure-chlorophylle.com\/wp-content\/uploads\/2021\/04\/logo_aventure_chlorophylle.png\",\"contentUrl\":\"https:\/\/www.aventure-chlorophylle.com\/wp-content\/uploads\/2021\/04\/logo_aventure_chlorophylle.png\",\"width\":356,\"height\":392,\"caption\":\"Aventure Chlorophylle\"},\"image\":{\"@id\":\"https:\/\/www.aventure-chlorophylle.com\/#\/schema\/logo\/image\/\"},\"sameAs\":[\"https:\/\/www.facebook.com\/aventurechlorophylle\",\"https:\/\/www.instagram.com\/aventure_chlorophylle\/\"]}]}<\/script>\n<!-- \/ Yoast SEO plugin. -->","yoast_head_json":{"title":"Buenos planes en Ossau - Aventure Chlorophylle","description":"\u00a1Aqu\u00ed est\u00e1 una lista de nuestros buenos consejos en el Valle de Ossau! Aqu\u00ed encontrar\u00e1 personas en las que confiamos y con las que trabajamos a diario.","robots":{"index":"index","follow":"follow","max-snippet":"max-snippet:-1","max-image-preview":"max-image-preview:large","max-video-preview":"max-video-preview:-1"},"canonical":"https:\/\/www.aventure-chlorophylle.com\/es\/barranquismo-rafting-pirineos-atlantiques\/les-bons-plans-ossalois\/","og_locale":"es_ES","og_type":"article","og_title":"Les bons plans en Ossau - Aventure Chlorophylle","og_description":"Voici une liste de nos bons plans en Vall\u00e9e d'Ossau ! Vous trouverez ici des personnes de confiance avec qui nous travaillons quotidiennement !","og_url":"https:\/\/www.aventure-chlorophylle.com\/es\/barranquismo-rafting-pirineos-atlantiques\/les-bons-plans-ossalois\/","og_site_name":"Aventure Chlorophylle","article_publisher":"https:\/\/www.facebook.com\/aventurechlorophylle","article_modified_time":"2025-09-30T09:10:26+00:00","twitter_card":"summary_large_image","twitter_misc":{"Tiempo de lectura":"8 minutos"},"schema":{"@context":"https:\/\/schema.org","@graph":[{"@type":"WebPage","@id":"https:\/\/www.aventure-chlorophylle.com\/canyoning-rafting-pyrenees-atlantiques\/les-bons-plans-ossalois\/","url":"https:\/\/www.aventure-chlorophylle.com\/canyoning-rafting-pyrenees-atlantiques\/les-bons-plans-ossalois\/","name":"Buenos planes en Ossau - Aventure Chlorophylle","isPartOf":{"@id":"https:\/\/www.aventure-chlorophylle.com\/#website"},"datePublished":"2021-04-29T13:58:07+00:00","dateModified":"2025-09-30T09:10:26+00:00","description":"\u00a1Aqu\u00ed est\u00e1 una lista de nuestros buenos consejos en el Valle de Ossau! Aqu\u00ed encontrar\u00e1 personas en las que confiamos y con las que trabajamos a diario.","breadcrumb":{"@id":"https:\/\/www.aventure-chlorophylle.com\/canyoning-rafting-pyrenees-atlantiques\/les-bons-plans-ossalois\/#breadcrumb"},"inLanguage":"es","potentialAction":[{"@type":"ReadAction","target":["https:\/\/www.aventure-chlorophylle.com\/canyoning-rafting-pyrenees-atlantiques\/les-bons-plans-ossalois\/"]}]},{"@type":"BreadcrumbList","@id":"https:\/\/www.aventure-chlorophylle.com\/canyoning-rafting-pyrenees-atlantiques\/les-bons-plans-ossalois\/#breadcrumb","itemListElement":[{"@type":"ListItem","position":1,"name":"Accueil","item":"https:\/\/www.aventure-chlorophylle.com\/"},{"@type":"ListItem","position":2,"name":"Canyoning et Rafting dans les Pyr\u00e9n\u00e9es Atlantiques","item":"https:\/\/www.aventure-chlorophylle.com\/"},{"@type":"ListItem","position":3,"name":"A faire dans le coin"}]},{"@type":"WebSite","@id":"https:\/\/www.aventure-chlorophylle.com\/#website","url":"https:\/\/www.aventure-chlorophylle.com\/","name":"Aventura clorof\u00edlica","description":"Barranquismo, rafting y espeleolog\u00eda en los Pirineos","publisher":{"@id":"https:\/\/www.aventure-chlorophylle.com\/#organization"},"potentialAction":[{"@type":"SearchAction","target":{"@type":"EntryPoint","urlTemplate":"https:\/\/www.aventure-chlorophylle.com\/?s={search_term_string}"},"query-input":{"@type":"PropertyValueSpecification","valueRequired":true,"valueName":"search_term_string"}}],"inLanguage":"es"},{"@type":"Organization","@id":"https:\/\/www.aventure-chlorophylle.com\/#organization","name":"Aventura clorof\u00edlica","url":"https:\/\/www.aventure-chlorophylle.com\/","logo":{"@type":"ImageObject","inLanguage":"es","@id":"https:\/\/www.aventure-chlorophylle.com\/#\/schema\/logo\/image\/","url":"https:\/\/www.aventure-chlorophylle.com\/wp-content\/uploads\/2021\/04\/logo_aventure_chlorophylle.png","contentUrl":"https:\/\/www.aventure-chlorophylle.com\/wp-content\/uploads\/2021\/04\/logo_aventure_chlorophylle.png","width":356,"height":392,"caption":"Aventure Chlorophylle"},"image":{"@id":"https:\/\/www.aventure-chlorophylle.com\/#\/schema\/logo\/image\/"},"sameAs":["https:\/\/www.facebook.com\/aventurechlorophylle","https:\/\/www.instagram.com\/aventure_chlorophylle\/"]}]}},"_links":{"self":[{"href":"https:\/\/www.aventure-chlorophylle.com\/es\/wp-json\/wp\/v2\/pages\/262344","targetHints":{"allow":["GET"]}}],"collection":[{"href":"https:\/\/www.aventure-chlorophylle.com\/es\/wp-json\/wp\/v2\/pages"}],"about":[{"href":"https:\/\/www.aventure-chlorophylle.com\/es\/wp-json\/wp\/v2\/types\/page"}],"author":[{"embeddable":true,"href":"https:\/\/www.aventure-chlorophylle.com\/es\/wp-json\/wp\/v2\/users\/3"}],"replies":[{"embeddable":true,"href":"https:\/\/www.aventure-chlorophylle.com\/es\/wp-json\/wp\/v2\/comments?post=262344"}],"version-history":[{"count":18,"href":"https:\/\/www.aventure-chlorophylle.com\/es\/wp-json\/wp\/v2\/pages\/262344\/revisions"}],"predecessor-version":[{"id":269740,"href":"https:\/\/www.aventure-chlorophylle.com\/es\/wp-json\/wp\/v2\/pages\/262344\/revisions\/269740"}],"up":[{"embeddable":true,"href":"https:\/\/www.aventure-chlorophylle.com\/es\/wp-json\/wp\/v2\/pages\/261671"}],"wp:attachment":[{"href":"https:\/\/www.aventure-chlorophylle.com\/es\/wp-json\/wp\/v2\/media?parent=262344"}],"curies":[{"name":"wp","href":"https:\/\/api.w.org\/{rel}","templated":true}]}}