{"id":269031,"date":"2024-11-28T12:40:57","date_gmt":"2024-11-28T11:40:57","guid":{"rendered":"https:\/\/www.aventure-chlorophylle.com\/?page_id=269031"},"modified":"2025-09-29T13:26:58","modified_gmt":"2025-09-29T11:26:58","slug":"raquettes-dans-les-pyrenees","status":"publish","type":"page","link":"https:\/\/www.aventure-chlorophylle.com\/es\/barranquismo-rafting-pirineos-atlantiques\/raquettes-dans-les-pyrenees\/","title":{"rendered":"Raquetas de nieve en los Pirineos"},"content":{"rendered":"<p>[et_pb_section fb_built=\u00a0\u00bb1&Prime; fullwidth=\u00a0\u00bbon\u00a0\u00bb admin_label=\u00a0\u00bbSlider produit\u00a0\u00bb _builder_version=\u00a0\u00bb4.27.4&Prime; _module_preset=\u00a0\u00bbdefault\u00a0\u00bb custom_margin=\u00a0\u00bb||0px||false|false\u00a0\u00bb custom_margin_tablet=\u00a0\u00bb||-88px||false|false\u00a0\u00bb custom_margin_phone=\u00a0\u00bb||-44px||false|false\u00a0\u00bb custom_margin_last_edited=\u00a0\u00bbon|desktop\u00a0\u00bb locked=\u00a0\u00bboff\u00a0\u00bb collapsed=\u00a0\u00bboff\u00a0\u00bb global_colors_info=\u00a0\u00bb{}\u00a0\u00bb][et_pb_fullwidth_slider show_pagination=\u00a0\u00bboff\u00a0\u00bb use_bg_overlay=\u00a0\u00bbon\u00a0\u00bb bg_overlay_color=\u00a0\u00bbrgba(73,59,34,0.1)\u00a0\u00bb use_text_overlay=\u00a0\u00bboff\u00a0\u00bb arrows_custom_color=\u00a0\u00bb#5CAA80&Prime; _builder_version=\u00a0\u00bb4.27.4&Prime; _module_preset=\u00a0\u00bbdefault\u00a0\u00bb background_color=\u00a0\u00bb#F6F2EC\u00a0\u00bb use_background_color_gradient=\u00a0\u00bbon\u00a0\u00bb background_color_gradient_stops=\u00a0\u00bbrgba(34,34,34,0) 40%|rgba(34,34,34,0.05) 100%\u00a0\u00bb background_color_gradient_overlays_image=\u00a0\u00bbon\u00a0\u00bb background_color_gradient_start=\u00a0\u00bbrgba(34,34,34,0)\u00a0\u00bb background_color_gradient_start_position=\u00a0\u00bb40%\u00a0\u00bb background_color_gradient_end=\u00a0\u00bbrgba(34,34,34,0.05)\u00a0\u00bb min_height_tablet=\u00a0\u00bb\u00a0\u00bb min_height_phone=\u00a0\u00bb\u00a0\u00bb min_height_last_edited=\u00a0\u00bbon|desktop\u00a0\u00bb height=\u00a0\u00bb400px\u00a0\u00bb height_tablet=\u00a0\u00bb220px\u00a0\u00bb height_phone=\u00a0\u00bb140px\u00a0\u00bb height_last_edited=\u00a0\u00bbon|desktop\u00a0\u00bb global_colors_info=\u00a0\u00bb{}\u00a0\u00bb][et_pb_slide use_bg_overlay=\u00a0\u00bboff\u00a0\u00bb _builder_version=\u00a0\u00bb4.27.4&Prime; _module_preset=\u00a0\u00bbdefault\u00a0\u00bb body_text_align=\u00a0\u00bbcenter\u00a0\u00bb body_text_color=\u00a0\u00bb#FFFFFF\u00a0\u00bb background_color=\u00a0\u00bb#F6F2EC\u00a0\u00bb background_enable_color=\u00a0\u00bbon\u00a0\u00bb background_image=\u00a0\u00bbhttps:\/\/www.aventure-chlorophylle.com\/wp-content\/uploads\/2024\/11\/IMG-20170309-WA0091.jpg\u00a0\u00bb background_enable_image=\u00a0\u00bbon\u00a0\u00bb global_colors_info=\u00a0\u00bb{}\u00a0\u00bb sticky_transition=\u00a0\u00bbon\u00a0\u00bb][\/et_pb_slide][\/et_pb_fullwidth_slider][\/et_pb_section][et_pb_section fb_built=\u00a0\u00bb1&Prime; admin_label=\u00a0\u00bbsection\u00a0\u00bb _builder_version=\u00a0\u00bb4.16&Prime; global_colors_info=\u00a0\u00bb{}\u00a0\u00bb][et_pb_row admin_label=\u00a0\u00bbrow\u00a0\u00bb _builder_version=\u00a0\u00bb4.16&Prime; background_size=\u00a0\u00bbinitial\u00a0\u00bb background_position=\u00a0\u00bbtop_left\u00a0\u00bb background_repeat=\u00a0\u00bbrepeat\u00a0\u00bb global_colors_info=\u00a0\u00bb{}\u00a0\u00bb][et_pb_column type=\u00a0\u00bb4_4&Prime; _builder_version=\u00a0\u00bb4.16&Prime; custom_padding=\u00a0\u00bb|||\u00a0\u00bb global_colors_info=\u00a0\u00bb{}\u00a0\u00bb custom_padding__hover=\u00a0\u00bb|||\u00a0\u00bb][et_pb_text admin_label=\u00a0\u00bbRaquettes pyr\u00e9n\u00e9es\u00a0\u00bb _builder_version=\u00a0\u00bb4.27.4&Prime; _module_preset=\u00a0\u00bbdefault\u00a0\u00bb global_colors_info=\u00a0\u00bb{}\u00a0\u00bb]<\/p>\n<h1 class=\"western\" style=\"text-align: center;\"><b>Raquettes en vall\u00e9e d&rsquo;ossau dans les Pyr\u00e9n\u00e9es<\/b><\/h1>\n<p>&nbsp;<\/p>\n<p style=\"text-align: center;\"><span style=\"font-family: Times New Roman, serif;\"><span style=\"font-size: medium;\">La randonn\u00e9e en raquettes est une activit\u00e9 hivernale accessible et immersive : marche dans la neige, exploration de paysages enneig\u00e9s, et d\u00e9couverte de panoramas \u00e0 couper le souffle. Au c\u0153ur de la Vall\u00e9e d\u2019Ossau, dans les <strong>Pyr\u00e9n\u00e9es Atlantiques (64)<\/strong>, rendez-vous\u00a0 \u00e0 <strong>Gourette<\/strong>, \u00e0 seulement 2h de la c\u00f4te basque et \u00e0 45 minutes de Pau !<\/span><\/span><\/p>\n<p style=\"text-align: left;\"><span style=\"font-family: Times New Roman, serif;\"><span style=\"font-size: medium;\"><strong>Cr\u00eates enneig\u00e9es<\/strong>, <strong>for\u00eats de sapins et grands espaces sauvages<\/strong> : autant de merveilles que nous d\u00e9couvrirons ensemble lors de nos balades en raquettes dans les Pyr\u00e9n\u00e9es, pr\u00e9s de Laruns.<\/span><\/span><\/p>\n<p style=\"text-align: left;\"><span style=\"font-family: Times New Roman, serif;\"><span style=\"font-size: medium;\"><strong>Les cr\u00eates du col d\u2019Aubisque<\/strong>, <strong>la for\u00eat de Gourette (hors station de ski),<\/strong> <strong>le cirque d\u2019Aneou au pied du pic du Midi d\u2019Ossau<\/strong> y el <strong>plateau de<\/strong> <strong>Puente de Camps<\/strong> sont autant de parcours magnifiques que nous vous proposons d\u2019explorer en raquettes. Nos sorties sont adapt\u00e9es pour tous les niveaux, de la d\u00e9couverte \u00e0 la journ\u00e9e aventure, pour profiter pleinement des beaut\u00e9s de l\u2019hiver en montagne.<\/span><\/span><\/p>\n<p>[\/et_pb_text][\/et_pb_column][\/et_pb_row][et_pb_row column_structure=\u00a0\u00bb1_2,1_2&Prime; _builder_version=\u00a0\u00bb4.23.1&Prime; _module_preset=\u00a0\u00bbdefault\u00a0\u00bb global_colors_info=\u00a0\u00bb{}\u00a0\u00bb][et_pb_column type=\u00a0\u00bb1_2&Prime; _builder_version=\u00a0\u00bb4.23.1&Prime; _module_preset=\u00a0\u00bbdefault\u00a0\u00bb global_colors_info=\u00a0\u00bb{}\u00a0\u00bb][et_pb_text admin_label=\u00a0\u00bbRandonn\u00e9e en raquettes dans les pyr\u00e9n\u00e9es\u00a0\u00bb _builder_version=\u00a0\u00bb4.27.4&Prime; _module_preset=\u00a0\u00bbdefault\u00a0\u00bb header_2_text_align=\u00a0\u00bbcenter\u00a0\u00bb header_2_letter_spacing=\u00a0\u00bb1px\u00a0\u00bb global_colors_info=\u00a0\u00bb{}\u00a0\u00bb]<\/p>\n<h2 style=\"text-align: center;\"><strong><span style=\"font-family: Times New Roman, serif;\"><span style=\"font-size: large;\">Senderismo con raquetas de nieve en los Pirineos<\/span><\/span><\/strong><\/h2>\n<p style=\"text-align: center;\"><span style=\"font-family: Times New Roman, serif;\"><span style=\"font-size: medium;\">Nuestro terreno de juego favorito para las raquetas de nieve se encuentra en el magn\u00edfico valle de Ossau, accesible desde Laruns y la estaci\u00f3n de esqu\u00ed de Gourette, a s\u00f3lo 40 km al sur de Pau, a 2 horas de la costa vasca y a menos de 3 horas de Burdeos y Toulouse. <\/span><\/span><\/p>\n<p style=\"text-align: center;\"><span style=\"font-family: Times New Roman, serif;\"><span style=\"font-size: medium;\">El valle de Ossau es un lugar excepcional para practicar senderismo con raquetas de nieve en el suroeste de Francia. Lugares emblem\u00e1ticos como el circo de Aneou, enclavado en el coraz\u00f3n del Parque Nacional de los Pirineos, o los alrededores de la estaci\u00f3n de esqu\u00ed de Gourette y el Col de l'Aubisque ofrecen paisajes impresionantes y una inmersi\u00f3n total en la naturaleza salvaje. Amplias extensiones de nieve, panoramas \u00fanicos y pinares ofrecen experiencias variadas y memorables.<\/span><\/span><\/p>\n<p>[\/et_pb_text][\/et_pb_column][et_pb_column type=\u00a0\u00bb1_2&Prime; _builder_version=\u00a0\u00bb4.23.1&Prime; _module_preset=\u00a0\u00bbdefault\u00a0\u00bb global_colors_info=\u00a0\u00bb{}\u00a0\u00bb][et_pb_text admin_label=\u00a0\u00bbNos parcours en raquettes: pour tous les niveaux\u00a0\u00bb _builder_version=\u00a0\u00bb4.23.1&Prime; _module_preset=\u00a0\u00bbdefault\u00a0\u00bb header_2_letter_spacing=\u00a0\u00bb1px\u00a0\u00bb global_colors_info=\u00a0\u00bb{}\u00a0\u00bb]<\/p>\n<h2 style=\"text-align: center;\"><span style=\"font-family: Times New Roman, serif;\"><span style=\"font-size: large;\"><b>Nuestras pistas para raquetas de nieve: para todos los niveles<\/b><\/span><\/span><\/h2>\n<p style=\"text-align: center;\"><span style=\"font-family: Times New Roman, serif;\"><span style=\"font-size: medium;\">Nuestros experimentados gu\u00edas ofrecen una gama de rutas que se adaptan a su nivel e intereses. Tanto si es un principiante, un excursionista ocasional o un entusiasta de la monta\u00f1a, nuestras salidas le llevar\u00e1n por una gran variedad de paisajes, desde bosques hasta cumbres nevadas. Nuestras caminatas incluyen itinerarios para todos los p\u00fablicos, desde principiantes suaves hasta rutas m\u00e1s inmersivas para descubrir las monta\u00f1as en profundidad.<\/span><\/span><\/p>\n<p style=\"text-align: center;\"><span style=\"font-family: Times New Roman, serif;\"><span style=\"font-size: medium;\">El senderismo con raquetas de nieve es para quienes desean descubrir las monta\u00f1as invernales de una forma diferente, lejos de las estaciones de esqu\u00ed e inmersos en paisajes naturales v\u00edrgenes. Con itinerarios accesibles a todos, el senderismo con raquetas de nieve no requiere ning\u00fan nivel t\u00e9cnico espec\u00edfico y es ideal para los que disfrutan al aire libre y descubriendo cosas nuevas. En el programa: descubrir la flora y la fauna invernales, caminar sobre nieve fresca, panoramas excepcionales y momentos de relajaci\u00f3n en un entorno natural.<\/span><\/span><\/p>\n<p style=\"text-align: center;\"><span style=\"font-family: Times New Roman, serif;\"><span style=\"font-size: medium;\">Ya sea en familia, con amigos, con colegas, en pareja o incluso solo, emprenda una aventura con raquetas de nieve para descubrir la belleza del valle de Ossau. Para quienes buscan una actividad de invierno accesible, divertida y rejuvenecedora, nuestras salidas con raquetas de nieve son la soluci\u00f3n perfecta.<\/span><\/span><\/p>\n<p style=\"text-align: center;\"><span style=\"font-family: Times New Roman, serif;\"><span style=\"font-size: medium;\">Para disfrutar al m\u00e1ximo de esta actividad, recomendamos una edad m\u00ednima de 5 a\u00f1os para las salidas. <\/span><\/span><span style=\"font-family: Times New Roman, serif;\"><span style=\"font-size: medium;\"><b>Primeros pasos con raquetas de nieve<\/b><\/span><\/span><span style=\"font-family: Times New Roman, serif;\"><span style=\"font-size: medium;\"> y <\/span><\/span><span style=\"font-family: Times New Roman, serif;\"><span style=\"font-size: medium;\"><b>Construir un igl\u00fa<\/b><\/span><\/span><span style=\"font-family: Times New Roman, serif;\"><span style=\"font-size: medium;\">Se requiere una edad m\u00ednima de 8 a\u00f1os para la salida. <\/span><\/span><span style=\"font-family: Times New Roman, serif;\"><span style=\"font-size: medium;\"><b>Descubrimiento con raquetas de nieve <\/b><\/span><\/span><span style=\"font-family: Times New Roman, serif;\"><span style=\"font-size: medium;\">y <\/span><\/span><span style=\"font-family: Times New Roman, serif;\"><span style=\"font-size: medium;\">una edad m\u00ednima de 12 a\u00f1os para salir en <\/span><\/span><span style=\"font-family: Times New Roman, serif;\"><span style=\"font-size: medium;\"><b>D\u00eda de raquetas de nieve<\/b><\/span><\/span><span style=\"font-family: Times New Roman, serif;\"><span style=\"font-size: medium;\">. Si sus hijos tienen menos de 5 a\u00f1os, le invitamos a ponerse en contacto con nosotros y juntos podremos crear una actividad adecuada. No olvide que es muy importante que nuestros peque\u00f1os descubran una actividad por primera vez, se diviertan y quieran volver a probarla.<\/span><\/span><\/p>\n<p>[\/et_pb_text][\/et_pb_column][\/et_pb_row][et_pb_row _builder_version=\u00a0\u00bb4.23.1&Prime; _module_preset=\u00a0\u00bbdefault\u00a0\u00bb global_colors_info=\u00a0\u00bb{}\u00a0\u00bb][et_pb_column type=\u00a0\u00bb4_4&Prime; _builder_version=\u00a0\u00bb4.23.1&Prime; _module_preset=\u00a0\u00bbdefault\u00a0\u00bb global_colors_info=\u00a0\u00bb{}\u00a0\u00bb][et_pb_shop type=\u00a0\u00bbproduct_category\u00a0\u00bb posts_number=\u00a0\u00bb6&Prime; include_categories=\u00a0\u00bb89&Prime; columns_number=\u00a0\u00bb3&Prime; orderby=\u00a0\u00bbmenu_order\u00a0\u00bb _builder_version=\u00a0\u00bb4.27.4&Prime; _module_preset=\u00a0\u00bbdefault\u00a0\u00bb global_colors_info=\u00a0\u00bb{}\u00a0\u00bb][\/et_pb_shop][\/et_pb_column][\/et_pb_row][et_pb_row column_structure=\u00a0\u00bb1_2,1_2&Prime; _builder_version=\u00a0\u00bb4.23.1&Prime; _module_preset=\u00a0\u00bbdefault\u00a0\u00bb global_colors_info=\u00a0\u00bb{}\u00a0\u00bb][et_pb_column type=\u00a0\u00bb1_2&Prime; _builder_version=\u00a0\u00bb4.23.1&Prime; _module_preset=\u00a0\u00bbdefault\u00a0\u00bb global_colors_info=\u00a0\u00bb{}\u00a0\u00bb][et_pb_text admin_label=\u00a0\u00bbD\u00e9finition de la randonn\u00e9e en raquettes\u00a0\u00bb _builder_version=\u00a0\u00bb4.23.1&Prime; _module_preset=\u00a0\u00bbdefault\u00a0\u00bb global_colors_info=\u00a0\u00bb{}\u00a0\u00bb]<\/p>\n<h2 class=\"western\" style=\"text-align: center;\"><b>Definici\u00f3n de senderismo con raquetas de nieve<\/b><\/h2>\n<p style=\"text-align: center;\"><span style=\"font-family: Times New Roman, serif;\"><span style=\"font-size: medium;\">El senderismo con raquetas de nieve es una actividad de monta\u00f1a invernal que permite explorar paisajes nevados con total seguridad. Consiste en caminar sobre la nieve con raquetas sujetas a las botas, lo que facilita el avance por la nieve profunda. Por el camino, atravesar\u00e1 bosques nevados, alcanzar\u00e1 crestas panor\u00e1micas y descubrir\u00e1 la naturaleza salvaje de la monta\u00f1a bajo un manto blanco.<\/span><\/span><\/p>\n<p style=\"text-align: center;\"><span style=\"font-family: Times New Roman, serif;\"><span style=\"font-size: medium;\">En el valle de Ossau, en los Pirineos, hay una gran variedad de rutas con raquetas de nieve para todos los niveles, desde principiantes hasta aventureros experimentados. Equipados con raquetas de nieve, bastones, calzado impermeable y ropa de abrigo, los participantes salen a descubrir los excepcionales paisajes de los Pirineos. Seg\u00fan el itinerario, los paseos recorren las crestas del Col d'Aubisque, el bosque de Gourette, el Circo d'Aneou e incluso los Pirineos espa\u00f1oles, ofreciendo vistas impresionantes.<\/span><\/span><\/p>\n<p style=\"text-align: center;\"><span style=\"font-family: Times New Roman, serif;\"><span style=\"font-size: medium;\"><b>Una actividad para todos<\/b> Ya sea en familia, con amigos, para un EVG\/EVJF, con colegas o solo, el senderismo con raquetas de nieve es una actividad accesible y agradable, ideal para disfrutar de la naturaleza en invierno. No olvide reservar su excursi\u00f3n con raquetas de nieve en los Pirineos para vivir una experiencia aut\u00e9ntica.<\/span><\/span><\/p>\n<p>[\/et_pb_text][\/et_pb_column][et_pb_column type=\u00a0\u00bb1_2&Prime; _builder_version=\u00a0\u00bb4.23.1&Prime; _module_preset=\u00a0\u00bbdefault\u00a0\u00bb global_colors_info=\u00a0\u00bb{}\u00a0\u00bb][et_pb_text admin_label=\u00a0\u00bbOrigines de la randonn\u00e9e en raquettes\u00a0\u00bb _builder_version=\u00a0\u00bb4.23.1&Prime; _module_preset=\u00a0\u00bbdefault\u00a0\u00bb global_colors_info=\u00a0\u00bb{}\u00a0\u00bb]<\/p>\n<h2 class=\"western\" style=\"text-align: center;\"><b>Los or\u00edgenes del senderismo con raquetas de nieve<\/b><\/h2>\n<p style=\"text-align: center;\"><span style=\"font-family: Times New Roman, serif;\"><span style=\"font-size: medium;\">Las raquetas de nieve son utilizadas desde hace miles de a\u00f1os por los habitantes de las regiones septentrionales, que las desarrollaron para desplazarse m\u00e1s f\u00e1cilmente por la nieve. Las primeras raquetas eran de madera y cuero, dise\u00f1adas para evitar hundirse en la nieve profunda y permitir a cazadores y exploradores recorrer largas distancias.<\/span><\/span><\/p>\n<p style=\"text-align: center;\"><span style=\"font-family: Times New Roman, serif;\"><span style=\"font-size: medium;\">No fue hasta el siglo XX cuando las raquetas de nieve evolucionaron hasta convertirse en una actividad de ocio en la monta\u00f1a. Hoy en d\u00eda, con materiales modernos como el aluminio y pol\u00edmeros resistentes, las raquetas de nieve son ligeras y f\u00e1ciles de manejar, y ofrecen comodidad y seguridad. Ofrecen una forma envolvente y respetuosa con el medio ambiente de descubrir las monta\u00f1as invernales, al tiempo que respetan los fr\u00e1giles ecosistemas de la estaci\u00f3n invernal.<\/span><\/span><\/p>\n<p style=\"text-align: center;\">[\/et_pb_text][\/et_pb_column][\/et_pb_row][\/et_pb_section]<\/p>","protected":false},"excerpt":{"rendered":"<p>Raquettes en vall\u00e9e d&rsquo;ossau dans les Pyr\u00e9n\u00e9es &nbsp; La randonn\u00e9e en raquettes est une activit\u00e9 hivernale accessible et immersive : marche dans la neige, exploration de paysages enneig\u00e9s, et d\u00e9couverte de panoramas \u00e0 couper le souffle. Au c\u0153ur de la Vall\u00e9e d\u2019Ossau, dans les Pyr\u00e9n\u00e9es Atlantiques (64), rendez-vous\u00a0 \u00e0 Gourette, \u00e0 seulement 2h de la [&hellip;]<\/p>","protected":false},"author":3,"featured_media":0,"parent":261671,"menu_order":0,"comment_status":"closed","ping_status":"closed","template":"","meta":{"_acf_changed":false,"_et_pb_use_builder":"on","_et_pb_old_content":"","_et_gb_content_width":"","inline_featured_image":false,"footnotes":""},"class_list":["post-269031","page","type-page","status-publish","hentry"],"acf":[],"yoast_head":"<!-- This site is optimized with the Yoast SEO plugin v26.7 - https:\/\/yoast.com\/wordpress\/plugins\/seo\/ -->\n<title>Raquettes dans les Pyr\u00e9n\u00e9es - Aventure Chlorophylle<\/title>\n<meta name=\"robots\" content=\"index, follow, max-snippet:-1, max-image-preview:large, max-video-preview:-1\" \/>\n<link rel=\"canonical\" href=\"https:\/\/www.aventure-chlorophylle.com\/es\/barranquismo-rafting-pirineos-atlantiques\/raquettes-dans-les-pyrenees\/\" \/>\n<meta property=\"og:locale\" content=\"es_ES\" \/>\n<meta property=\"og:type\" content=\"article\" \/>\n<meta property=\"og:title\" content=\"Raquettes dans les Pyr\u00e9n\u00e9es - Aventure Chlorophylle\" \/>\n<meta property=\"og:description\" content=\"Raquettes en vall\u00e9e d&#039;ossau dans les Pyr\u00e9n\u00e9es &nbsp; La randonn\u00e9e en raquettes est une activit\u00e9 hivernale accessible et immersive : marche dans la neige, exploration de paysages enneig\u00e9s, et d\u00e9couverte de panoramas \u00e0 couper le souffle. Au c\u0153ur de la Vall\u00e9e d\u2019Ossau, dans les Pyr\u00e9n\u00e9es Atlantiques (64), rendez-vous\u00a0 \u00e0 Gourette, \u00e0 seulement 2h de la [&hellip;]\" \/>\n<meta property=\"og:url\" content=\"https:\/\/www.aventure-chlorophylle.com\/es\/barranquismo-rafting-pirineos-atlantiques\/raquettes-dans-les-pyrenees\/\" \/>\n<meta property=\"og:site_name\" content=\"Aventure Chlorophylle\" \/>\n<meta property=\"article:publisher\" content=\"https:\/\/www.facebook.com\/aventurechlorophylle\" \/>\n<meta property=\"article:modified_time\" content=\"2025-09-29T11:26:58+00:00\" \/>\n<meta name=\"twitter:card\" content=\"summary_large_image\" \/>\n<meta name=\"twitter:label1\" content=\"Tiempo de lectura\" \/>\n\t<meta name=\"twitter:data1\" content=\"8 minutos\" \/>\n<script type=\"application\/ld+json\" class=\"yoast-schema-graph\">{\"@context\":\"https:\/\/schema.org\",\"@graph\":[{\"@type\":\"WebPage\",\"@id\":\"https:\/\/www.aventure-chlorophylle.com\/canyoning-rafting-pyrenees-atlantiques\/raquettes-dans-les-pyrenees\/\",\"url\":\"https:\/\/www.aventure-chlorophylle.com\/canyoning-rafting-pyrenees-atlantiques\/raquettes-dans-les-pyrenees\/\",\"name\":\"Raquettes dans les Pyr\u00e9n\u00e9es - Aventure Chlorophylle\",\"isPartOf\":{\"@id\":\"https:\/\/www.aventure-chlorophylle.com\/#website\"},\"datePublished\":\"2024-11-28T11:40:57+00:00\",\"dateModified\":\"2025-09-29T11:26:58+00:00\",\"breadcrumb\":{\"@id\":\"https:\/\/www.aventure-chlorophylle.com\/canyoning-rafting-pyrenees-atlantiques\/raquettes-dans-les-pyrenees\/#breadcrumb\"},\"inLanguage\":\"es\",\"potentialAction\":[{\"@type\":\"ReadAction\",\"target\":[\"https:\/\/www.aventure-chlorophylle.com\/canyoning-rafting-pyrenees-atlantiques\/raquettes-dans-les-pyrenees\/\"]}]},{\"@type\":\"BreadcrumbList\",\"@id\":\"https:\/\/www.aventure-chlorophylle.com\/canyoning-rafting-pyrenees-atlantiques\/raquettes-dans-les-pyrenees\/#breadcrumb\",\"itemListElement\":[{\"@type\":\"ListItem\",\"position\":1,\"name\":\"Accueil\",\"item\":\"https:\/\/www.aventure-chlorophylle.com\/\"},{\"@type\":\"ListItem\",\"position\":2,\"name\":\"Canyoning et Rafting dans les Pyr\u00e9n\u00e9es Atlantiques\",\"item\":\"https:\/\/www.aventure-chlorophylle.com\/\"},{\"@type\":\"ListItem\",\"position\":3,\"name\":\"Raquettes dans les Pyr\u00e9n\u00e9es\"}]},{\"@type\":\"WebSite\",\"@id\":\"https:\/\/www.aventure-chlorophylle.com\/#website\",\"url\":\"https:\/\/www.aventure-chlorophylle.com\/\",\"name\":\"Aventure Chlorophylle\",\"description\":\"Activit\u00e9s de Canyoning, rafting et sp\u00e9l\u00e9ologie dans les Pyr\u00e9n\u00e9es\",\"publisher\":{\"@id\":\"https:\/\/www.aventure-chlorophylle.com\/#organization\"},\"potentialAction\":[{\"@type\":\"SearchAction\",\"target\":{\"@type\":\"EntryPoint\",\"urlTemplate\":\"https:\/\/www.aventure-chlorophylle.com\/?s={search_term_string}\"},\"query-input\":{\"@type\":\"PropertyValueSpecification\",\"valueRequired\":true,\"valueName\":\"search_term_string\"}}],\"inLanguage\":\"es\"},{\"@type\":\"Organization\",\"@id\":\"https:\/\/www.aventure-chlorophylle.com\/#organization\",\"name\":\"Aventure Chlorophylle\",\"url\":\"https:\/\/www.aventure-chlorophylle.com\/\",\"logo\":{\"@type\":\"ImageObject\",\"inLanguage\":\"es\",\"@id\":\"https:\/\/www.aventure-chlorophylle.com\/#\/schema\/logo\/image\/\",\"url\":\"https:\/\/www.aventure-chlorophylle.com\/wp-content\/uploads\/2021\/04\/logo_aventure_chlorophylle.png\",\"contentUrl\":\"https:\/\/www.aventure-chlorophylle.com\/wp-content\/uploads\/2021\/04\/logo_aventure_chlorophylle.png\",\"width\":356,\"height\":392,\"caption\":\"Aventure Chlorophylle\"},\"image\":{\"@id\":\"https:\/\/www.aventure-chlorophylle.com\/#\/schema\/logo\/image\/\"},\"sameAs\":[\"https:\/\/www.facebook.com\/aventurechlorophylle\",\"https:\/\/www.instagram.com\/aventure_chlorophylle\/\"]}]}<\/script>\n<!-- \/ Yoast SEO plugin. -->","yoast_head_json":{"title":"Raquetas de nieve en los Pirineos - Aventure Chlorophylle","robots":{"index":"index","follow":"follow","max-snippet":"max-snippet:-1","max-image-preview":"max-image-preview:large","max-video-preview":"max-video-preview:-1"},"canonical":"https:\/\/www.aventure-chlorophylle.com\/es\/barranquismo-rafting-pirineos-atlantiques\/raquettes-dans-les-pyrenees\/","og_locale":"es_ES","og_type":"article","og_title":"Raquettes dans les Pyr\u00e9n\u00e9es - Aventure Chlorophylle","og_description":"Raquettes en vall\u00e9e d'ossau dans les Pyr\u00e9n\u00e9es &nbsp; La randonn\u00e9e en raquettes est une activit\u00e9 hivernale accessible et immersive : marche dans la neige, exploration de paysages enneig\u00e9s, et d\u00e9couverte de panoramas \u00e0 couper le souffle. Au c\u0153ur de la Vall\u00e9e d\u2019Ossau, dans les Pyr\u00e9n\u00e9es Atlantiques (64), rendez-vous\u00a0 \u00e0 Gourette, \u00e0 seulement 2h de la [&hellip;]","og_url":"https:\/\/www.aventure-chlorophylle.com\/es\/barranquismo-rafting-pirineos-atlantiques\/raquettes-dans-les-pyrenees\/","og_site_name":"Aventure Chlorophylle","article_publisher":"https:\/\/www.facebook.com\/aventurechlorophylle","article_modified_time":"2025-09-29T11:26:58+00:00","twitter_card":"summary_large_image","twitter_misc":{"Tiempo de lectura":"8 minutos"},"schema":{"@context":"https:\/\/schema.org","@graph":[{"@type":"WebPage","@id":"https:\/\/www.aventure-chlorophylle.com\/canyoning-rafting-pyrenees-atlantiques\/raquettes-dans-les-pyrenees\/","url":"https:\/\/www.aventure-chlorophylle.com\/canyoning-rafting-pyrenees-atlantiques\/raquettes-dans-les-pyrenees\/","name":"Raquetas de nieve en los Pirineos - Aventure Chlorophylle","isPartOf":{"@id":"https:\/\/www.aventure-chlorophylle.com\/#website"},"datePublished":"2024-11-28T11:40:57+00:00","dateModified":"2025-09-29T11:26:58+00:00","breadcrumb":{"@id":"https:\/\/www.aventure-chlorophylle.com\/canyoning-rafting-pyrenees-atlantiques\/raquettes-dans-les-pyrenees\/#breadcrumb"},"inLanguage":"es","potentialAction":[{"@type":"ReadAction","target":["https:\/\/www.aventure-chlorophylle.com\/canyoning-rafting-pyrenees-atlantiques\/raquettes-dans-les-pyrenees\/"]}]},{"@type":"BreadcrumbList","@id":"https:\/\/www.aventure-chlorophylle.com\/canyoning-rafting-pyrenees-atlantiques\/raquettes-dans-les-pyrenees\/#breadcrumb","itemListElement":[{"@type":"ListItem","position":1,"name":"Accueil","item":"https:\/\/www.aventure-chlorophylle.com\/"},{"@type":"ListItem","position":2,"name":"Canyoning et Rafting dans les Pyr\u00e9n\u00e9es Atlantiques","item":"https:\/\/www.aventure-chlorophylle.com\/"},{"@type":"ListItem","position":3,"name":"Raquettes dans les Pyr\u00e9n\u00e9es"}]},{"@type":"WebSite","@id":"https:\/\/www.aventure-chlorophylle.com\/#website","url":"https:\/\/www.aventure-chlorophylle.com\/","name":"Aventura clorof\u00edlica","description":"Barranquismo, rafting y espeleolog\u00eda en los Pirineos","publisher":{"@id":"https:\/\/www.aventure-chlorophylle.com\/#organization"},"potentialAction":[{"@type":"SearchAction","target":{"@type":"EntryPoint","urlTemplate":"https:\/\/www.aventure-chlorophylle.com\/?s={search_term_string}"},"query-input":{"@type":"PropertyValueSpecification","valueRequired":true,"valueName":"search_term_string"}}],"inLanguage":"es"},{"@type":"Organization","@id":"https:\/\/www.aventure-chlorophylle.com\/#organization","name":"Aventura clorof\u00edlica","url":"https:\/\/www.aventure-chlorophylle.com\/","logo":{"@type":"ImageObject","inLanguage":"es","@id":"https:\/\/www.aventure-chlorophylle.com\/#\/schema\/logo\/image\/","url":"https:\/\/www.aventure-chlorophylle.com\/wp-content\/uploads\/2021\/04\/logo_aventure_chlorophylle.png","contentUrl":"https:\/\/www.aventure-chlorophylle.com\/wp-content\/uploads\/2021\/04\/logo_aventure_chlorophylle.png","width":356,"height":392,"caption":"Aventure Chlorophylle"},"image":{"@id":"https:\/\/www.aventure-chlorophylle.com\/#\/schema\/logo\/image\/"},"sameAs":["https:\/\/www.facebook.com\/aventurechlorophylle","https:\/\/www.instagram.com\/aventure_chlorophylle\/"]}]}},"_links":{"self":[{"href":"https:\/\/www.aventure-chlorophylle.com\/es\/wp-json\/wp\/v2\/pages\/269031","targetHints":{"allow":["GET"]}}],"collection":[{"href":"https:\/\/www.aventure-chlorophylle.com\/es\/wp-json\/wp\/v2\/pages"}],"about":[{"href":"https:\/\/www.aventure-chlorophylle.com\/es\/wp-json\/wp\/v2\/types\/page"}],"author":[{"embeddable":true,"href":"https:\/\/www.aventure-chlorophylle.com\/es\/wp-json\/wp\/v2\/users\/3"}],"replies":[{"embeddable":true,"href":"https:\/\/www.aventure-chlorophylle.com\/es\/wp-json\/wp\/v2\/comments?post=269031"}],"version-history":[{"count":37,"href":"https:\/\/www.aventure-chlorophylle.com\/es\/wp-json\/wp\/v2\/pages\/269031\/revisions"}],"predecessor-version":[{"id":269717,"href":"https:\/\/www.aventure-chlorophylle.com\/es\/wp-json\/wp\/v2\/pages\/269031\/revisions\/269717"}],"up":[{"embeddable":true,"href":"https:\/\/www.aventure-chlorophylle.com\/es\/wp-json\/wp\/v2\/pages\/261671"}],"wp:attachment":[{"href":"https:\/\/www.aventure-chlorophylle.com\/es\/wp-json\/wp\/v2\/media?parent=269031"}],"curies":[{"name":"wp","href":"https:\/\/api.w.org\/{rel}","templated":true}]}}